{"id":350,"date":"2017-03-26T13:42:07","date_gmt":"2017-03-26T12:42:07","guid":{"rendered":"https:\/\/www.taborcernypotok.cz\/detsky-tabor\/?page_id=350"},"modified":"2025-05-26T20:35:48","modified_gmt":"2025-05-26T19:35:48","slug":"2017-strazci-casu","status":"publish","type":"page","link":"https:\/\/www.taborcernypotok.cz\/detsky-tabor\/letni-tabor\/archiv-letnich-taboru\/2017-strazci-casu\/","title":{"rendered":"2017 Str\u00e1\u017eci \u010dasu"},"content":{"rendered":"<div class=\"page-header\">\n<h1>Str\u00e1\u017eci \u010dasu<\/h1>\n<\/div>\n<p>VI. TURNUS | 7 dn\u00ed 20. 8. &#8211; 26. 8. 2017 | rodi\u010de s d\u011btmi 5 &#8211; 12 let<\/p>\n<p>Odjak\u017eiva lid\u00e9 tou\u017e\u00ed nahl\u00e9dnout do jin\u00fdch \u010das\u016f. Pod\u00edvat se do minulosti a ovlivnit ud\u00e1losti, kter\u00e9 psaly d\u011bjiny. Kdesi pr\u00fd je ukryto tajemn\u00e9 za\u0159\u00edzen\u00ed &#8211; STROJ \u010cASU. Toto za\u0159\u00edzen\u00ed bylo zkonstruovan\u00e9 geni\u00e1ln\u00edm ale \u0161\u00edlen\u00fdm v\u011bdcem. Aby nemohlo b\u00fdt zneu\u017eito, nechal je str\u00e1\u017eit tajemn\u00fdmi bytostmi. Jen vyvolen\u00ed mohou nahl\u00e9dnout tam, kde se utv\u00e1\u0159ely d\u011bjiny lidstva. Tento turnus je pravideln\u011b p\u0159ipravov\u00e1n pro d\u011bti a dosp\u011bl\u00e1ky, kte\u0159\u00ed tou\u017e\u00ed po legraci, dobrodru\u017estv\u00ed, sezn\u00e1men\u00ed s nov\u00fdmi lidmi a nev\u0161edn\u00edmi z\u00e1\u017eitky. Cel\u00fd program je utv\u00e1\u0159en hrami a cyklov\u00fdlety pro rodi\u010de a spoustou z\u00e1bavy pro jejich d\u011bti. N\u011bkter\u00e9 hry pro\u017eij\u00ed d\u011bti a rodi\u010de spole\u010dn\u011b a v n\u011bkter\u00fdch se budou muset spolehnout sami na sebe. Dohled vykon\u00e1vaj\u00ed \u0161kolen\u00ed instrukto\u0159i, tren\u00e9\u0159i a pedagogi\u010dt\u00ed pracovn\u00edci.<\/p>\n<table style=\"width: 100%;\">\n<tbody>\n<tr>\n<td><\/td>\n<\/tr>\n<\/tbody>\n<\/table>\n<p><strong>V\u011bkov\u00e1 kategorie:<\/strong> Rodi\u010de s d\u011btmi 5 &#8211; 12 let<br \/>\n<strong>M\u00edsto:<\/strong> T\u00e1bor \u010cern\u00fd potok Velk\u00e1 Kra\u0161 u Vidnavy<br \/>\n<strong>Ubytov\u00e1n\u00ed:<\/strong> d\u0159ev\u011bn\u00e9 chatky<br \/>\n<strong>Stravov\u00e1n\u00ed:<\/strong> 5 x denn\u011b<br \/>\n<strong>Zdravotn\u00ed dozor:<\/strong> zdravotn\u00ed pracovn\u00edk<br \/>\n<strong>Garant:<\/strong> Mgr. Roman Lipavsk\u00fd<br \/>\n<strong>Doprava:<\/strong> vlastn\u00ed<br \/>\n<strong>Cena za osobu:<\/strong> 3.190,- K\u010d dosp\u011bl\u00fd, 2.890,- K\u010d za d\u00edt\u011b<br \/>\n<strong>Dohled vykon\u00e1vaj\u00ed \u0161kolen\u00ed instrukto\u0159i, tren\u00e9\u0159i a<\/strong><br \/>\n<strong>pedagogi\u010dt\u00ed pracovn\u00edci.<\/strong><\/p>\n","protected":false},"excerpt":{"rendered":"<p>Str\u00e1\u017eci \u010dasu VI. TURNUS | 7 dn\u00ed 20. 8. &#8211; 26. 8. 2017 | rodi\u010de s d\u011btmi 5 &#8211; 12 let Odjak\u017eiva lid\u00e9 tou\u017e\u00ed nahl\u00e9dnout do jin\u00fdch \u010das\u016f. Pod\u00edvat se do minulosti a ovlivnit ud\u00e1losti, kter\u00e9 psaly d\u011bjiny. Kdesi pr\u00fd je ukryto tajemn\u00e9 za\u0159\u00edzen\u00ed &#8211; STROJ \u010cASU. Toto za\u0159\u00edzen\u00ed bylo zkonstruovan\u00e9 geni\u00e1ln\u00edm ale \u0161\u00edlen\u00fdm v\u011bdcem.\u2026<\/p>\n","protected":false},"author":1,"featured_media":0,"parent":59,"menu_order":0,"comment_status":"closed","ping_status":"closed","template":"","meta":{"footnotes":""},"class_list":["post-350","page","type-page","status-publish","hentry"],"yoast_head":"<!-- This site is optimized with the Yoast SEO plugin v26.5 - https:\/\/yoast.com\/wordpress\/plugins\/seo\/ -->\n<title>2017 Str\u00e1\u017eci \u010dasu - D\u011btsk\u00fd T\u00e1bor \u010cern\u00fd Potok<\/title>\n<meta name=\"robots\" content=\"index, follow, max-snippet:-1, max-image-preview:large, max-video-preview:-1\" \/>\n<link rel=\"canonical\" href=\"https:\/\/www.taborcernypotok.cz\/detsky-tabor\/letni-tabor\/archiv-letnich-taboru\/2017-strazci-casu\/\" \/>\n<meta property=\"og:locale\" content=\"cs_CZ\" \/>\n<meta property=\"og:type\" content=\"article\" \/>\n<meta property=\"og:title\" content=\"2017 Str\u00e1\u017eci \u010dasu - D\u011btsk\u00fd T\u00e1bor \u010cern\u00fd Potok\" \/>\n<meta property=\"og:description\" content=\"Str\u00e1\u017eci \u010dasu VI. TURNUS | 7 dn\u00ed 20. 8. &#8211; 26. 8. 2017 | rodi\u010de s d\u011btmi 5 &#8211; 12 let Odjak\u017eiva lid\u00e9 tou\u017e\u00ed nahl\u00e9dnout do jin\u00fdch \u010das\u016f. Pod\u00edvat se do minulosti a ovlivnit ud\u00e1losti, kter\u00e9 psaly d\u011bjiny. Kdesi pr\u00fd je ukryto tajemn\u00e9 za\u0159\u00edzen\u00ed &#8211; STROJ \u010cASU. Toto za\u0159\u00edzen\u00ed bylo zkonstruovan\u00e9 geni\u00e1ln\u00edm ale \u0161\u00edlen\u00fdm v\u011bdcem.\u2026\" \/>\n<meta property=\"og:url\" content=\"https:\/\/www.taborcernypotok.cz\/detsky-tabor\/letni-tabor\/archiv-letnich-taboru\/2017-strazci-casu\/\" \/>\n<meta property=\"og:site_name\" content=\"D\u011btsk\u00fd T\u00e1bor \u010cern\u00fd Potok\" \/>\n<meta property=\"article:modified_time\" content=\"2025-05-26T19:35:48+00:00\" \/>\n<meta name=\"twitter:card\" content=\"summary_large_image\" \/>\n<meta name=\"twitter:label1\" content=\"Odhadovan\u00e1 doba \u010dten\u00ed\" \/>\n\t<meta name=\"twitter:data1\" content=\"2 minuty\" \/>\n<script type=\"application\/ld+json\" class=\"yoast-schema-graph\">{\"@context\":\"https:\/\/schema.org\",\"@graph\":[{\"@type\":\"WebPage\",\"@id\":\"https:\/\/www.taborcernypotok.cz\/detsky-tabor\/letni-tabor\/archiv-letnich-taboru\/2017-strazci-casu\/\",\"url\":\"https:\/\/www.taborcernypotok.cz\/detsky-tabor\/letni-tabor\/archiv-letnich-taboru\/2017-strazci-casu\/\",\"name\":\"2017 Str\u00e1\u017eci \u010dasu - D\u011btsk\u00fd T\u00e1bor \u010cern\u00fd Potok\",\"isPartOf\":{\"@id\":\"https:\/\/www.taborcernypotok.cz\/detsky-tabor\/#website\"},\"datePublished\":\"2017-03-26T12:42:07+00:00\",\"dateModified\":\"2025-05-26T19:35:48+00:00\",\"breadcrumb\":{\"@id\":\"https:\/\/www.taborcernypotok.cz\/detsky-tabor\/letni-tabor\/archiv-letnich-taboru\/2017-strazci-casu\/#breadcrumb\"},\"inLanguage\":\"cs\",\"potentialAction\":[{\"@type\":\"ReadAction\",\"target\":[\"https:\/\/www.taborcernypotok.cz\/detsky-tabor\/letni-tabor\/archiv-letnich-taboru\/2017-strazci-casu\/\"]}]},{\"@type\":\"BreadcrumbList\",\"@id\":\"https:\/\/www.taborcernypotok.cz\/detsky-tabor\/letni-tabor\/archiv-letnich-taboru\/2017-strazci-casu\/#breadcrumb\",\"itemListElement\":[{\"@type\":\"ListItem\",\"position\":1,\"name\":\"Dom\u016f\",\"item\":\"https:\/\/www.taborcernypotok.cz\/detsky-tabor\/\"},{\"@type\":\"ListItem\",\"position\":2,\"name\":\"Letn\u00ed t\u00e1bor\",\"item\":\"https:\/\/www.taborcernypotok.cz\/detsky-tabor\/letni-tabor\/\"},{\"@type\":\"ListItem\",\"position\":3,\"name\":\"Archiv letn\u00edch t\u00e1bor\u016f\",\"item\":\"https:\/\/www.taborcernypotok.cz\/detsky-tabor\/letni-tabor\/archiv-letnich-taboru\/\"},{\"@type\":\"ListItem\",\"position\":4,\"name\":\"2017 Str\u00e1\u017eci \u010dasu\"}]},{\"@type\":\"WebSite\",\"@id\":\"https:\/\/www.taborcernypotok.cz\/detsky-tabor\/#website\",\"url\":\"https:\/\/www.taborcernypotok.cz\/detsky-tabor\/\",\"name\":\"D\u011btsk\u00fd T\u00e1bor \u010cern\u00fd Potok\",\"description\":\"D\u011btsk\u00e9 t\u00e1bory Rychlebsk\u00e9 Hory\",\"potentialAction\":[{\"@type\":\"SearchAction\",\"target\":{\"@type\":\"EntryPoint\",\"urlTemplate\":\"https:\/\/www.taborcernypotok.cz\/detsky-tabor\/?s={search_term_string}\"},\"query-input\":{\"@type\":\"PropertyValueSpecification\",\"valueRequired\":true,\"valueName\":\"search_term_string\"}}],\"inLanguage\":\"cs\"}]}<\/script>\n<!-- \/ Yoast SEO plugin. -->","yoast_head_json":{"title":"2017 Str\u00e1\u017eci \u010dasu - D\u011btsk\u00fd T\u00e1bor \u010cern\u00fd Potok","robots":{"index":"index","follow":"follow","max-snippet":"max-snippet:-1","max-image-preview":"max-image-preview:large","max-video-preview":"max-video-preview:-1"},"canonical":"https:\/\/www.taborcernypotok.cz\/detsky-tabor\/letni-tabor\/archiv-letnich-taboru\/2017-strazci-casu\/","og_locale":"cs_CZ","og_type":"article","og_title":"2017 Str\u00e1\u017eci \u010dasu - D\u011btsk\u00fd T\u00e1bor \u010cern\u00fd Potok","og_description":"Str\u00e1\u017eci \u010dasu VI. TURNUS | 7 dn\u00ed 20. 8. &#8211; 26. 8. 2017 | rodi\u010de s d\u011btmi 5 &#8211; 12 let Odjak\u017eiva lid\u00e9 tou\u017e\u00ed nahl\u00e9dnout do jin\u00fdch \u010das\u016f. Pod\u00edvat se do minulosti a ovlivnit ud\u00e1losti, kter\u00e9 psaly d\u011bjiny. Kdesi pr\u00fd je ukryto tajemn\u00e9 za\u0159\u00edzen\u00ed &#8211; STROJ \u010cASU. Toto za\u0159\u00edzen\u00ed bylo zkonstruovan\u00e9 geni\u00e1ln\u00edm ale \u0161\u00edlen\u00fdm v\u011bdcem.\u2026","og_url":"https:\/\/www.taborcernypotok.cz\/detsky-tabor\/letni-tabor\/archiv-letnich-taboru\/2017-strazci-casu\/","og_site_name":"D\u011btsk\u00fd T\u00e1bor \u010cern\u00fd Potok","article_modified_time":"2025-05-26T19:35:48+00:00","twitter_card":"summary_large_image","twitter_misc":{"Odhadovan\u00e1 doba \u010dten\u00ed":"2 minuty"},"schema":{"@context":"https:\/\/schema.org","@graph":[{"@type":"WebPage","@id":"https:\/\/www.taborcernypotok.cz\/detsky-tabor\/letni-tabor\/archiv-letnich-taboru\/2017-strazci-casu\/","url":"https:\/\/www.taborcernypotok.cz\/detsky-tabor\/letni-tabor\/archiv-letnich-taboru\/2017-strazci-casu\/","name":"2017 Str\u00e1\u017eci \u010dasu - D\u011btsk\u00fd T\u00e1bor \u010cern\u00fd Potok","isPartOf":{"@id":"https:\/\/www.taborcernypotok.cz\/detsky-tabor\/#website"},"datePublished":"2017-03-26T12:42:07+00:00","dateModified":"2025-05-26T19:35:48+00:00","breadcrumb":{"@id":"https:\/\/www.taborcernypotok.cz\/detsky-tabor\/letni-tabor\/archiv-letnich-taboru\/2017-strazci-casu\/#breadcrumb"},"inLanguage":"cs","potentialAction":[{"@type":"ReadAction","target":["https:\/\/www.taborcernypotok.cz\/detsky-tabor\/letni-tabor\/archiv-letnich-taboru\/2017-strazci-casu\/"]}]},{"@type":"BreadcrumbList","@id":"https:\/\/www.taborcernypotok.cz\/detsky-tabor\/letni-tabor\/archiv-letnich-taboru\/2017-strazci-casu\/#breadcrumb","itemListElement":[{"@type":"ListItem","position":1,"name":"Dom\u016f","item":"https:\/\/www.taborcernypotok.cz\/detsky-tabor\/"},{"@type":"ListItem","position":2,"name":"Letn\u00ed t\u00e1bor","item":"https:\/\/www.taborcernypotok.cz\/detsky-tabor\/letni-tabor\/"},{"@type":"ListItem","position":3,"name":"Archiv letn\u00edch t\u00e1bor\u016f","item":"https:\/\/www.taborcernypotok.cz\/detsky-tabor\/letni-tabor\/archiv-letnich-taboru\/"},{"@type":"ListItem","position":4,"name":"2017 Str\u00e1\u017eci \u010dasu"}]},{"@type":"WebSite","@id":"https:\/\/www.taborcernypotok.cz\/detsky-tabor\/#website","url":"https:\/\/www.taborcernypotok.cz\/detsky-tabor\/","name":"D\u011btsk\u00fd T\u00e1bor \u010cern\u00fd Potok","description":"D\u011btsk\u00e9 t\u00e1bory Rychlebsk\u00e9 Hory","potentialAction":[{"@type":"SearchAction","target":{"@type":"EntryPoint","urlTemplate":"https:\/\/www.taborcernypotok.cz\/detsky-tabor\/?s={search_term_string}"},"query-input":{"@type":"PropertyValueSpecification","valueRequired":true,"valueName":"search_term_string"}}],"inLanguage":"cs"}]}},"_links":{"self":[{"href":"https:\/\/www.taborcernypotok.cz\/detsky-tabor\/wp-json\/wp\/v2\/pages\/350","targetHints":{"allow":["GET"]}}],"collection":[{"href":"https:\/\/www.taborcernypotok.cz\/detsky-tabor\/wp-json\/wp\/v2\/pages"}],"about":[{"href":"https:\/\/www.taborcernypotok.cz\/detsky-tabor\/wp-json\/wp\/v2\/types\/page"}],"author":[{"embeddable":true,"href":"https:\/\/www.taborcernypotok.cz\/detsky-tabor\/wp-json\/wp\/v2\/users\/1"}],"replies":[{"embeddable":true,"href":"https:\/\/www.taborcernypotok.cz\/detsky-tabor\/wp-json\/wp\/v2\/comments?post=350"}],"version-history":[{"count":6,"href":"https:\/\/www.taborcernypotok.cz\/detsky-tabor\/wp-json\/wp\/v2\/pages\/350\/revisions"}],"predecessor-version":[{"id":11985,"href":"https:\/\/www.taborcernypotok.cz\/detsky-tabor\/wp-json\/wp\/v2\/pages\/350\/revisions\/11985"}],"up":[{"embeddable":true,"href":"https:\/\/www.taborcernypotok.cz\/detsky-tabor\/wp-json\/wp\/v2\/pages\/59"}],"wp:attachment":[{"href":"https:\/\/www.taborcernypotok.cz\/detsky-tabor\/wp-json\/wp\/v2\/media?parent=350"}],"curies":[{"name":"wp","href":"https:\/\/api.w.org\/{rel}","templated":true}]}}