{"id":9925,"date":"2024-02-21T00:17:52","date_gmt":"2024-02-20T23:17:52","guid":{"rendered":"https:\/\/www.taborcernypotok.cz\/detsky-tabor\/?page_id=9925"},"modified":"2025-05-26T20:45:17","modified_gmt":"2025-05-26T19:45:17","slug":"2024-tri-musketyri-i","status":"publish","type":"page","link":"https:\/\/www.taborcernypotok.cz\/detsky-tabor\/letni-tabor\/archiv-letnich-taboru\/2024-tri-musketyri-i\/","title":{"rendered":"2024 T\u0158I MU\u0160KET\u00dd\u0158I I."},"content":{"rendered":"\n<h1 class=\"wp-block-heading\"><strong>T\u0158I MU\u0160KET\u00dd\u0158I I.<\/strong><\/h1>\n\n\n\n<p><strong>1.TURNUS | 8 DN\u00cd | 30.6. &#8211; 7.7. 2024 | 9-12 let | dobrodru\u017en\u00fd<br><\/strong><em>-voln\u011b inspirov\u00e1no stejnojmenn\u00fdm rom\u00e1nem Alexandra Dumase<\/em><\/p>\n\n\n\n<p>Romantika, dobrodru\u017estv\u00ed, state\u010dnost &#8211; jak l\u00e9pe nam\u00edchat koktejl pro n\u00e1dhern\u00e9 pr\u00e1zdniny. U\u017e po prvn\u00edm loku se p\u0159eneseme do doby Ludv\u00edka XIII. A jeho kr\u00e1sn\u00e9 kr\u00e1lovny Anny. A pr\u00e1v\u011b v t\u00e9to dob\u011b m\u00ed\u0159\u00ed<\/p>\n\n\n\n<p>do Pa\u0159\u00ed\u017ee mlad\u00fd gasko\u0148sk\u00fd \u0161lechtic D\u2019Artagnan, kter\u00fd by se r\u00e1d stal \u010dlenem sboru kr\u00e1lovsk\u00fdch mu\u0161ket\u00fdr\u016f. Jeho mladick\u00e1 zt\u0159e\u0161t\u011bnost a impulsivnost ho p\u0159ivedou hned do t\u0159\u00ed souboj\u016f. Nakonec d\u00edky tomu z\u00edsk\u00e1 t\u0159i skv\u011bl\u00e9 p\u0159\u00e1tele na \u017eivot a na smrt &#8211; mu\u0161ket\u00fdry Athose, Porthose a Aramise. A v\u011b\u0159te, \u017ee je bude brzy pot\u0159ebovat. A nejen je, ale i V\u00c1S. Do cesty se jim postav\u00ed samotn\u00fd kardin\u00e1l Richelieu a jeho zr\u00e1dn\u00e1 spojenkyn\u011b Milady de Winter. Koloto\u010d intrik se za\u010d\u00edn\u00e1 rozt\u00e1\u010det a velk\u00e9 dobrodru\u017estv\u00ed, ve kter\u00e9m plat\u00ed JEDEN ZA V\u0160ECHNY A V\u0160ICHNI ZA JEDNOHO pr\u00e1v\u011b za\u010d\u00edn\u00e1\u2026..<\/p>\n\n\n\n<p><strong>V\u011bkov\u00e1 kategorie:<\/strong> 9-12 let ho\u0161i i d\u00edvky<br><strong>M\u00edsto:<\/strong> T\u00e1bor \u010cern\u00fd Potok Velk\u00e1 Kra\u0161 u Vidnavy<br><strong>Garant:<\/strong> Mgr. Roman Lipavsk\u00fd<br><strong>Cena: <\/strong>5950,- K\u010d<\/p>\n\n\n\n<p><strong>Cena zahrnuje:<\/strong><\/p>\n\n\n\n<ul class=\"wp-block-list\">\n<li>8 dn\u016f programu a her pod veden\u00edm \u0161kolen\u00fdch instruktor\u016f, tren\u00e9r\u016f a pedagogick\u00fdch pracovn\u00edk\u016f,<\/li>\n\n\n\n<li>Zaji\u0161t\u011bn\u00ed zdravotn\u00edho dozoru l\u00e9ka\u0159em nebo zdravotn\u00edm pracovn\u00edkem,<\/li>\n\n\n\n<li>Vstupy na koupali\u0161t\u011b (dle po\u010das\u00ed a programu),<\/li>\n\n\n\n<li>Ubytov\u00e1n\u00ed v d\u0159ev\u011bn\u00fdch chatk\u00e1ch s prost\u011bradlem a povle\u010den\u00fdm pol\u0161t\u00e1\u0159em (vlastn\u00ed spac\u00e1k)<\/li>\n\n\n\n<li>Stravov\u00e1n\u00ed 5x denn\u011b,<\/li>\n\n\n\n<li>Celodenn\u00ed pitn\u00fd re\u017eim (\u010daj, \u0161\u0165\u00e1va)<\/li>\n\n\n\n<li>Doprava busem (trasa \u0160umperk &#8211; Jesen\u00edk &#8211; \u010cern\u00fd Potok a zp\u011bt)<\/li>\n\n\n\n<li>T\u00e1borov\u00e9 triko s potiskem p\u0159\u00edslu\u0161n\u00e9ho turnusu,<\/li>\n\n\n\n<li>Zap\u016fj\u010den\u00ed sportovn\u00edho vybaven\u00ed pro voln\u00fd \u010das \u00fa\u010dastn\u00edk\u016f,<\/li>\n\n\n\n<li>Poji\u0161t\u011bn\u00ed proti zp\u016fsoben\u00e9 \u0161kod\u011b v r\u00e1mci organizovan\u00e9ho programu.<\/li>\n<\/ul>\n\n\n\n<div style=\"height:50px\" aria-hidden=\"true\" class=\"wp-block-spacer\"><\/div>\n\n\n\n<div class=\"wp-block-columns is-layout-flex wp-container-core-columns-is-layout-9d6595d7 wp-block-columns-is-layout-flex\">\n<div class=\"wp-block-column is-layout-flow wp-block-column-is-layout-flow\" style=\"flex-basis:25%\"><\/div>\n\n\n\n<div class=\"wp-block-column is-layout-flow wp-block-column-is-layout-flow\" style=\"flex-basis:50%\"><\/div>\n\n\n\n<div class=\"wp-block-column is-layout-flow wp-block-column-is-layout-flow\" style=\"flex-basis:25%\"><\/div>\n<\/div>\n","protected":false},"excerpt":{"rendered":"<p>T\u0158I MU\u0160KET\u00dd\u0158I I. 1.TURNUS | 8 DN\u00cd | 30.6. &#8211; 7.7. 2024 | 9-12 let | dobrodru\u017en\u00fd-voln\u011b inspirov\u00e1no stejnojmenn\u00fdm rom\u00e1nem Alexandra Dumase Romantika, dobrodru\u017estv\u00ed, state\u010dnost &#8211; jak l\u00e9pe nam\u00edchat koktejl pro n\u00e1dhern\u00e9 pr\u00e1zdniny. U\u017e po prvn\u00edm loku se p\u0159eneseme do doby Ludv\u00edka XIII. A jeho kr\u00e1sn\u00e9 kr\u00e1lovny Anny. A pr\u00e1v\u011b v t\u00e9to dob\u011b m\u00ed\u0159\u00ed do\u2026<\/p>\n","protected":false},"author":1,"featured_media":0,"parent":59,"menu_order":0,"comment_status":"closed","ping_status":"closed","template":"","meta":{"footnotes":""},"class_list":["post-9925","page","type-page","status-publish","hentry"],"yoast_head":"<!-- This site is optimized with the Yoast SEO plugin v26.5 - https:\/\/yoast.com\/wordpress\/plugins\/seo\/ -->\n<title>2024 T\u0158I MU\u0160KET\u00dd\u0158I I. - D\u011btsk\u00fd T\u00e1bor \u010cern\u00fd Potok<\/title>\n<meta name=\"robots\" content=\"index, follow, max-snippet:-1, max-image-preview:large, max-video-preview:-1\" \/>\n<link rel=\"canonical\" href=\"https:\/\/www.taborcernypotok.cz\/detsky-tabor\/letni-tabor\/archiv-letnich-taboru\/2024-tri-musketyri-i\/\" \/>\n<meta property=\"og:locale\" content=\"cs_CZ\" \/>\n<meta property=\"og:type\" content=\"article\" \/>\n<meta property=\"og:title\" content=\"2024 T\u0158I MU\u0160KET\u00dd\u0158I I. - D\u011btsk\u00fd T\u00e1bor \u010cern\u00fd Potok\" \/>\n<meta property=\"og:description\" content=\"T\u0158I MU\u0160KET\u00dd\u0158I I. 1.TURNUS | 8 DN\u00cd | 30.6. &#8211; 7.7. 2024 | 9-12 let | dobrodru\u017en\u00fd-voln\u011b inspirov\u00e1no stejnojmenn\u00fdm rom\u00e1nem Alexandra Dumase Romantika, dobrodru\u017estv\u00ed, state\u010dnost &#8211; jak l\u00e9pe nam\u00edchat koktejl pro n\u00e1dhern\u00e9 pr\u00e1zdniny. U\u017e po prvn\u00edm loku se p\u0159eneseme do doby Ludv\u00edka XIII. A jeho kr\u00e1sn\u00e9 kr\u00e1lovny Anny. A pr\u00e1v\u011b v t\u00e9to dob\u011b m\u00ed\u0159\u00ed do\u2026\" \/>\n<meta property=\"og:url\" content=\"https:\/\/www.taborcernypotok.cz\/detsky-tabor\/letni-tabor\/archiv-letnich-taboru\/2024-tri-musketyri-i\/\" \/>\n<meta property=\"og:site_name\" content=\"D\u011btsk\u00fd T\u00e1bor \u010cern\u00fd Potok\" \/>\n<meta property=\"article:modified_time\" content=\"2025-05-26T19:45:17+00:00\" \/>\n<meta name=\"twitter:card\" content=\"summary_large_image\" \/>\n<meta name=\"twitter:label1\" content=\"Odhadovan\u00e1 doba \u010dten\u00ed\" \/>\n\t<meta name=\"twitter:data1\" content=\"2 minuty\" \/>\n<script type=\"application\/ld+json\" class=\"yoast-schema-graph\">{\"@context\":\"https:\/\/schema.org\",\"@graph\":[{\"@type\":\"WebPage\",\"@id\":\"https:\/\/www.taborcernypotok.cz\/detsky-tabor\/letni-tabor\/archiv-letnich-taboru\/2024-tri-musketyri-i\/\",\"url\":\"https:\/\/www.taborcernypotok.cz\/detsky-tabor\/letni-tabor\/archiv-letnich-taboru\/2024-tri-musketyri-i\/\",\"name\":\"2024 T\u0158I MU\u0160KET\u00dd\u0158I I. - D\u011btsk\u00fd T\u00e1bor \u010cern\u00fd Potok\",\"isPartOf\":{\"@id\":\"https:\/\/www.taborcernypotok.cz\/detsky-tabor\/#website\"},\"datePublished\":\"2024-02-20T23:17:52+00:00\",\"dateModified\":\"2025-05-26T19:45:17+00:00\",\"breadcrumb\":{\"@id\":\"https:\/\/www.taborcernypotok.cz\/detsky-tabor\/letni-tabor\/archiv-letnich-taboru\/2024-tri-musketyri-i\/#breadcrumb\"},\"inLanguage\":\"cs\",\"potentialAction\":[{\"@type\":\"ReadAction\",\"target\":[\"https:\/\/www.taborcernypotok.cz\/detsky-tabor\/letni-tabor\/archiv-letnich-taboru\/2024-tri-musketyri-i\/\"]}]},{\"@type\":\"BreadcrumbList\",\"@id\":\"https:\/\/www.taborcernypotok.cz\/detsky-tabor\/letni-tabor\/archiv-letnich-taboru\/2024-tri-musketyri-i\/#breadcrumb\",\"itemListElement\":[{\"@type\":\"ListItem\",\"position\":1,\"name\":\"Dom\u016f\",\"item\":\"https:\/\/www.taborcernypotok.cz\/detsky-tabor\/\"},{\"@type\":\"ListItem\",\"position\":2,\"name\":\"Letn\u00ed t\u00e1bor\",\"item\":\"https:\/\/www.taborcernypotok.cz\/detsky-tabor\/letni-tabor\/\"},{\"@type\":\"ListItem\",\"position\":3,\"name\":\"Archiv letn\u00edch t\u00e1bor\u016f\",\"item\":\"https:\/\/www.taborcernypotok.cz\/detsky-tabor\/letni-tabor\/archiv-letnich-taboru\/\"},{\"@type\":\"ListItem\",\"position\":4,\"name\":\"2024 T\u0158I MU\u0160KET\u00dd\u0158I I.\"}]},{\"@type\":\"WebSite\",\"@id\":\"https:\/\/www.taborcernypotok.cz\/detsky-tabor\/#website\",\"url\":\"https:\/\/www.taborcernypotok.cz\/detsky-tabor\/\",\"name\":\"D\u011btsk\u00fd T\u00e1bor \u010cern\u00fd Potok\",\"description\":\"D\u011btsk\u00e9 t\u00e1bory Rychlebsk\u00e9 Hory\",\"potentialAction\":[{\"@type\":\"SearchAction\",\"target\":{\"@type\":\"EntryPoint\",\"urlTemplate\":\"https:\/\/www.taborcernypotok.cz\/detsky-tabor\/?s={search_term_string}\"},\"query-input\":{\"@type\":\"PropertyValueSpecification\",\"valueRequired\":true,\"valueName\":\"search_term_string\"}}],\"inLanguage\":\"cs\"}]}<\/script>\n<!-- \/ Yoast SEO plugin. -->","yoast_head_json":{"title":"2024 T\u0158I MU\u0160KET\u00dd\u0158I I. - D\u011btsk\u00fd T\u00e1bor \u010cern\u00fd Potok","robots":{"index":"index","follow":"follow","max-snippet":"max-snippet:-1","max-image-preview":"max-image-preview:large","max-video-preview":"max-video-preview:-1"},"canonical":"https:\/\/www.taborcernypotok.cz\/detsky-tabor\/letni-tabor\/archiv-letnich-taboru\/2024-tri-musketyri-i\/","og_locale":"cs_CZ","og_type":"article","og_title":"2024 T\u0158I MU\u0160KET\u00dd\u0158I I. - D\u011btsk\u00fd T\u00e1bor \u010cern\u00fd Potok","og_description":"T\u0158I MU\u0160KET\u00dd\u0158I I. 1.TURNUS | 8 DN\u00cd | 30.6. &#8211; 7.7. 2024 | 9-12 let | dobrodru\u017en\u00fd-voln\u011b inspirov\u00e1no stejnojmenn\u00fdm rom\u00e1nem Alexandra Dumase Romantika, dobrodru\u017estv\u00ed, state\u010dnost &#8211; jak l\u00e9pe nam\u00edchat koktejl pro n\u00e1dhern\u00e9 pr\u00e1zdniny. U\u017e po prvn\u00edm loku se p\u0159eneseme do doby Ludv\u00edka XIII. A jeho kr\u00e1sn\u00e9 kr\u00e1lovny Anny. A pr\u00e1v\u011b v t\u00e9to dob\u011b m\u00ed\u0159\u00ed do\u2026","og_url":"https:\/\/www.taborcernypotok.cz\/detsky-tabor\/letni-tabor\/archiv-letnich-taboru\/2024-tri-musketyri-i\/","og_site_name":"D\u011btsk\u00fd T\u00e1bor \u010cern\u00fd Potok","article_modified_time":"2025-05-26T19:45:17+00:00","twitter_card":"summary_large_image","twitter_misc":{"Odhadovan\u00e1 doba \u010dten\u00ed":"2 minuty"},"schema":{"@context":"https:\/\/schema.org","@graph":[{"@type":"WebPage","@id":"https:\/\/www.taborcernypotok.cz\/detsky-tabor\/letni-tabor\/archiv-letnich-taboru\/2024-tri-musketyri-i\/","url":"https:\/\/www.taborcernypotok.cz\/detsky-tabor\/letni-tabor\/archiv-letnich-taboru\/2024-tri-musketyri-i\/","name":"2024 T\u0158I MU\u0160KET\u00dd\u0158I I. - D\u011btsk\u00fd T\u00e1bor \u010cern\u00fd Potok","isPartOf":{"@id":"https:\/\/www.taborcernypotok.cz\/detsky-tabor\/#website"},"datePublished":"2024-02-20T23:17:52+00:00","dateModified":"2025-05-26T19:45:17+00:00","breadcrumb":{"@id":"https:\/\/www.taborcernypotok.cz\/detsky-tabor\/letni-tabor\/archiv-letnich-taboru\/2024-tri-musketyri-i\/#breadcrumb"},"inLanguage":"cs","potentialAction":[{"@type":"ReadAction","target":["https:\/\/www.taborcernypotok.cz\/detsky-tabor\/letni-tabor\/archiv-letnich-taboru\/2024-tri-musketyri-i\/"]}]},{"@type":"BreadcrumbList","@id":"https:\/\/www.taborcernypotok.cz\/detsky-tabor\/letni-tabor\/archiv-letnich-taboru\/2024-tri-musketyri-i\/#breadcrumb","itemListElement":[{"@type":"ListItem","position":1,"name":"Dom\u016f","item":"https:\/\/www.taborcernypotok.cz\/detsky-tabor\/"},{"@type":"ListItem","position":2,"name":"Letn\u00ed t\u00e1bor","item":"https:\/\/www.taborcernypotok.cz\/detsky-tabor\/letni-tabor\/"},{"@type":"ListItem","position":3,"name":"Archiv letn\u00edch t\u00e1bor\u016f","item":"https:\/\/www.taborcernypotok.cz\/detsky-tabor\/letni-tabor\/archiv-letnich-taboru\/"},{"@type":"ListItem","position":4,"name":"2024 T\u0158I MU\u0160KET\u00dd\u0158I I."}]},{"@type":"WebSite","@id":"https:\/\/www.taborcernypotok.cz\/detsky-tabor\/#website","url":"https:\/\/www.taborcernypotok.cz\/detsky-tabor\/","name":"D\u011btsk\u00fd T\u00e1bor \u010cern\u00fd Potok","description":"D\u011btsk\u00e9 t\u00e1bory Rychlebsk\u00e9 Hory","potentialAction":[{"@type":"SearchAction","target":{"@type":"EntryPoint","urlTemplate":"https:\/\/www.taborcernypotok.cz\/detsky-tabor\/?s={search_term_string}"},"query-input":{"@type":"PropertyValueSpecification","valueRequired":true,"valueName":"search_term_string"}}],"inLanguage":"cs"}]}},"_links":{"self":[{"href":"https:\/\/www.taborcernypotok.cz\/detsky-tabor\/wp-json\/wp\/v2\/pages\/9925","targetHints":{"allow":["GET"]}}],"collection":[{"href":"https:\/\/www.taborcernypotok.cz\/detsky-tabor\/wp-json\/wp\/v2\/pages"}],"about":[{"href":"https:\/\/www.taborcernypotok.cz\/detsky-tabor\/wp-json\/wp\/v2\/types\/page"}],"author":[{"embeddable":true,"href":"https:\/\/www.taborcernypotok.cz\/detsky-tabor\/wp-json\/wp\/v2\/users\/1"}],"replies":[{"embeddable":true,"href":"https:\/\/www.taborcernypotok.cz\/detsky-tabor\/wp-json\/wp\/v2\/comments?post=9925"}],"version-history":[{"count":4,"href":"https:\/\/www.taborcernypotok.cz\/detsky-tabor\/wp-json\/wp\/v2\/pages\/9925\/revisions"}],"predecessor-version":[{"id":12040,"href":"https:\/\/www.taborcernypotok.cz\/detsky-tabor\/wp-json\/wp\/v2\/pages\/9925\/revisions\/12040"}],"up":[{"embeddable":true,"href":"https:\/\/www.taborcernypotok.cz\/detsky-tabor\/wp-json\/wp\/v2\/pages\/59"}],"wp:attachment":[{"href":"https:\/\/www.taborcernypotok.cz\/detsky-tabor\/wp-json\/wp\/v2\/media?parent=9925"}],"curies":[{"name":"wp","href":"https:\/\/api.w.org\/{rel}","templated":true}]}}